{"id":4722,"date":"2023-01-23T06:52:10","date_gmt":"2023-01-23T05:52:10","guid":{"rendered":"https:\/\/10jourssansecrans.org\/defi-collectif\/echeancier\/"},"modified":"2026-08-29T10:37:22","modified_gmt":"2026-08-29T08:37:22","slug":"echeancier","status":"publish","type":"page","link":"https:\/\/10jourssansecrans.org\/en\/defi-collectif\/echeancier\/","title":{"rendered":"\u00c9ch\u00e9ancier du d\u00e9fi collectif 2026"},"content":{"rendered":"<div class=\"et_d4_element et_pb_section et_pb_section_0  et_pb_css_mix_blend_mode et_section_regular et_block_section\" >\n\t\t\t\t\n\t\t\t\t\n\t\t\t\t\n\t\t\t\t\n\t\t\t\t\n\t\t\t\t\n\t\t\t\t<div class=\"et_d4_element et_pb_row et_pb_row_0  et_pb_css_mix_blend_mode et_block_row\">\n\t\t\t\t<div class=\"et_d4_element et_pb_column_4_4 et_pb_column et_pb_column_0  et_pb_css_mix_blend_mode et-last-child et_block_column\">\n\t\t\t\t\n\t\t\t\t\n\t\t\t\t\n\t\t\t\t\n\t\t\t\t<div class=\"et_pb_module et_d4_element et_pb_text et_pb_text_0  et_pb_text_align_left et_pb_bg_layout_light\">\n\t\t\t\t\n\t\t\t\t\n\t\t\t\t\n\t\t\t\t\n\t\t\t\t<div class=\"et_pb_text_inner\"><h2 data-section-id=\"1x8xkp\" data-start=\"522\" data-end=\"558\" class=\"PDq2pG_selectionAnchorContainer\">\u00c9ch\u00e9ancier du d\u00e9fi collectif 2027<span aria-hidden=\"true\" class=\"PDq2pG_selectionAnchor\"><\/span><\/h2>\n<p data-start=\"560\" data-end=\"584\"><strong data-start=\"560\" data-end=\"584\">Du 11 au 20 mai 2027<\/strong><\/p>\n<p data-start=\"588\" data-end=\"780\">Pr\u00e9parer 10 Jours sans \u00e9crans est une d\u00e9marche progressive. Cet \u00e9ch\u00e9ancier vous propose des rep\u00e8res pour organiser votre projet, depuis les premi\u00e8res r\u00e9flexions jusqu'au bilan de l'exp\u00e9rience.<\/p>\n<p data-start=\"785\" data-end=\"1060\"><strong data-start=\"785\" data-end=\"842\">Il ne s'agit pas d'un programme \u00e0 suivre \u00e0 la lettre.<\/strong> Chaque structure avance selon son projet, ses moyens et son calendrier. Une participation peut se pr\u00e9parer en quelques mois ; une mobilisation plus ambitieuse peut commencer \u00e0 se construire pr\u00e8s d'un an avant le d\u00e9fi.<\/p><\/div>\n\t\t\t<\/div>\n\t\t\t<\/div>\n\t\t\t\t\n\t\t\t\t\n\t\t\t\t\n\t\t\t\t\n\t\t\t<\/div><div class=\"et_d4_element et_pb_row et_pb_row_1  et_pb_css_mix_blend_mode et_block_row\">\n\t\t\t\t<div class=\"et_d4_element et_pb_column_4_4 et_pb_column et_pb_column_1  et_pb_css_mix_blend_mode et-last-child et_block_column\">\n\t\t\t\t\n\t\t\t\t\n\t\t\t\t\n\t\t\t\t\n\t\t\t\t<div class=\"et_pb_module et_d4_element et_pb_text et_pb_text_1  et_pb_text_align_left et_pb_bg_layout_light\">\n\t\t\t\t\n\t\t\t\t\n\t\t\t\t\n\t\t\t\t\n\t\t\t\t<div class=\"et_pb_text_inner\"><p data-section-id=\"13dti2t\" data-start=\"32\" data-end=\"54\" class=\"PDq2pG_selectionAnchorContainer\"><strong data-start=\"465\" data-end=\"490\">AVANT LA RENTR\u00c9E 2026<\/strong><span aria-hidden=\"true\" class=\"PDq2pG_selectionAnchor\"><\/span><\/p>\n<h2 data-section-id=\"13dti2t\" data-start=\"32\" data-end=\"54\" class=\"PDq2pG_selectionAnchorContainer\">Anticiper le projet<span aria-hidden=\"true\" class=\"PDq2pG_selectionAnchor\"><\/span><\/h2>\n<p data-start=\"199\" data-end=\"331\"><strong>Pour les projets qui souhaitent anticiper leur mobilisation, la r\u00e9flexion peut commencer plusieurs mois avant la rentr\u00e9e.<\/strong><\/p>\n<p data-start=\"336\" data-end=\"586\">Cette p\u00e9riode peut permettre de d\u00e9finir progressivement l'ambition du projet, d'en parler avec les premi\u00e8res personnes susceptibles de s'y engager et, si n\u00e9cessaire, d'identifier les partenaires ou les moyens qui pourront contribuer \u00e0 sa r\u00e9alisation.<\/p>\n<p data-start=\"591\" data-end=\"728\">C'est notamment le moment d'anticiper un projet impliquant plusieurs \u00e9tablissements, un territoire ou une mobilisation locale plus large.<\/p>\n<p data-start=\"591\" data-end=\"728\"><strong data-start=\"786\" data-end=\"816\">Vous commencez plus tard ?<\/strong><br data-start=\"816\" data-end=\"819\" \/>Aucun probl\u00e8me : il n'est pas n\u00e9cessaire d'anticiper aussi longtemps pour organiser le d\u00e9fi dans une structure.<\/p><\/div>\n\t\t\t<\/div>\n\t\t\t<\/div>\n\t\t\t\t\n\t\t\t\t\n\t\t\t\t\n\t\t\t\t\n\t\t\t<\/div><div class=\"et_d4_element et_pb_row et_pb_row_2  et_pb_css_mix_blend_mode et_block_row\">\n\t\t\t\t<div class=\"et_d4_element et_pb_column_4_4 et_pb_column et_pb_column_2  et_pb_css_mix_blend_mode et-last-child et_block_column\">\n\t\t\t\t\n\t\t\t\t\n\t\t\t\t\n\t\t\t\t\n\t\t\t\t<div class=\"et_pb_module et_d4_element et_pb_text et_pb_text_2  et_pb_text_align_left et_pb_bg_layout_light\">\n\t\t\t\t\n\t\t\t\t\n\t\t\t\t\n\t\t\t\t\n\t\t\t\t<div class=\"et_pb_text_inner\"><p data-section-id=\"1gagge6\" data-start=\"291\" data-end=\"319\" class=\"PDq2pG_selectionAnchorContainer\"><strong>SEPTEMBRE \u2013 OCTOBRE 2026<\/strong><span aria-hidden=\"true\" class=\"PDq2pG_selectionAnchor\"><\/span><\/p>\n<h2 data-section-id=\"14t5643\" data-start=\"1097\" data-end=\"1151\" class=\"PDq2pG_selectionAnchorContainer\">Faire conna\u00eetre la d\u00e9marche et pr\u00e9parer la d\u00e9cision<span aria-hidden=\"true\" class=\"PDq2pG_selectionAnchor\"><\/span><\/h2>\n<p data-start=\"1153\" data-end=\"1287\"><strong data-start=\"1153\" data-end=\"1287\">La rentr\u00e9e est un bon moment pour commencer \u00e0 faire conna\u00eetre 10 Jours sans \u00e9crans et explorer la possibilit\u00e9 d'organiser le d\u00e9fi.<\/strong><\/p>\n<p data-start=\"1289\" data-end=\"1483\">Il s'agit d'abord de <strong data-start=\"1310\" data-end=\"1357\">pr\u00e9senter les grandes lignes de la d\u00e9marche<\/strong>, d'\u00e9changer au sein de l'\u00e9quipe et avec les repr\u00e9sentants des familles, et d'appr\u00e9cier l'int\u00e9r\u00eat que le projet peut susciter.<\/p>\n<p data-start=\"1485\" data-end=\"1648\" class=\"\">Ces premiers \u00e9changes permettent de mieux percevoir <strong data-start=\"1537\" data-end=\"1602\">les possibilit\u00e9s de mobilisation et le potentiel d'engagement<\/strong> avant de d\u00e9cider collectivement de se lancer.<\/p>\n<p data-start=\"1650\" data-end=\"1676\"><strong data-start=\"1650\" data-end=\"1676\">Les principaux rep\u00e8res<\/strong><\/p>\n<ul data-start=\"1677\" data-end=\"1912\">\n<li data-section-id=\"1429e4n\" data-start=\"1677\" data-end=\"1737\"><strong data-start=\"1679\" data-end=\"1713\">Pr\u00e9senter la d\u00e9marche g\u00e9n\u00e9rale<\/strong> au sein de la structure<\/li>\n<li data-section-id=\"1lzkurl\" data-start=\"1738\" data-end=\"1788\"><strong data-start=\"1740\" data-end=\"1788\">\u00c9changer avec les repr\u00e9sentants des familles<\/strong><\/li>\n<li data-section-id=\"1q2go80\" data-start=\"1789\" data-end=\"1848\"><strong data-start=\"1791\" data-end=\"1831\">Identifier les personnes int\u00e9ress\u00e9es<\/strong> pour s'impliquer<\/li>\n<li data-section-id=\"wi2iuz\" data-start=\"1849\" data-end=\"1912\"><strong data-start=\"1851\" data-end=\"1897\">Appr\u00e9cier les possibilit\u00e9s de mobilisation<\/strong> autour du d\u00e9fi<\/li>\n<\/ul><\/div>\n\t\t\t<\/div>\n\t\t\t<\/div>\n\t\t\t\t\n\t\t\t\t\n\t\t\t\t\n\t\t\t\t\n\t\t\t<\/div><div class=\"et_d4_element et_pb_row et_pb_row_3  et_pb_css_mix_blend_mode et_block_row\">\n\t\t\t\t<div class=\"et_d4_element et_pb_column_4_4 et_pb_column et_pb_column_3  et_pb_css_mix_blend_mode et-last-child et_block_column\">\n\t\t\t\t\n\t\t\t\t\n\t\t\t\t\n\t\t\t\t\n\t\t\t\t<div class=\"et_pb_module et_d4_element et_pb_text et_pb_text_3  et_pb_text_align_left et_pb_bg_layout_light\">\n\t\t\t\t\n\t\t\t\t\n\t\t\t\t\n\t\t\t\t\n\t\t\t\t<div class=\"et_pb_text_inner\"><p data-section-id=\"1fy8mju\" data-start=\"269\" data-end=\"297\" class=\"PDq2pG_selectionAnchorContainer\"><strong>NOVEMBRE \u2013 D\u00c9CEMBRE 2026<\/strong><span aria-hidden=\"true\" class=\"PDq2pG_selectionAnchor\"><\/span><\/p>\n<h2 data-section-id=\"yr4b6g\" data-start=\"299\" data-end=\"332\">D\u00e9cider ensemble de participer<\/h2>\n<p data-start=\"334\" data-end=\"448\"><strong data-start=\"334\" data-end=\"448\">Apr\u00e8s les premiers \u00e9changes, vient le moment de d\u00e9cider si l\u2019on souhaite r\u00e9ellement se lancer dans l\u2019aventure.<\/strong><\/p>\n<p data-start=\"450\" data-end=\"768\">L\u2019exp\u00e9rience montre que le d\u00e9fi a davantage de chances de susciter l\u2019adh\u00e9sion lorsque <strong data-start=\"860\" data-end=\"947\">l\u2019\u00e9quipe \u00e9ducative et les repr\u00e9sentants des familles sont associ\u00e9s \u00e0 cette d\u00e9cision<\/strong>. Cette d\u00e9cision partag\u00e9e permet de poser les bases d\u2019un engagement commun autour du d\u00e9fi.<\/p>\n<p data-start=\"770\" data-end=\"910\">Si les conditions semblent r\u00e9unies, cette p\u00e9riode peut donc \u00eatre celle d\u2019une <strong data-start=\"847\" data-end=\"909\">d\u00e9cision commune de participer \u00e0 10 Jours sans \u00e9crans 2027<\/strong>.<\/p>\n<p data-start=\"912\" data-end=\"1115\">Les premiers <strong data-start=\"925\" data-end=\"966\">webinaires propos\u00e9s par l\u2019association<\/strong> permettent parall\u00e8lement de mieux comprendre les enjeux du d\u00e9fi et les grands principes de la d\u00e9marche, avant d\u2019entrer dans sa pr\u00e9paration concr\u00e8te.<\/p>\n<p data-start=\"1117\" data-end=\"1143\"><strong data-start=\"1117\" data-end=\"1143\">Les principaux rep\u00e8res<\/strong><\/p>\n<ul data-start=\"1144\" data-end=\"1398\">\n<li data-section-id=\"19i58nz\" data-start=\"1144\" data-end=\"1184\"><strong data-start=\"1146\" data-end=\"1171\">D\u00e9cider de participer<\/strong> au d\u00e9fi 2027<\/li>\n<li data-section-id=\"nmatj4\" data-start=\"1185\" data-end=\"1269\"><strong data-start=\"1187\" data-end=\"1252\">Associer l\u2019\u00e9quipe \u00e9ducative et les repr\u00e9sentants des familles<\/strong> \u00e0 cette d\u00e9cision<\/li>\n<li data-section-id=\"1qix0pr\" data-start=\"1270\" data-end=\"1337\"><strong data-start=\"1272\" data-end=\"1310\">Participer aux premiers webinaires<\/strong> propos\u00e9s par l\u2019association<\/li>\n<li data-section-id=\"187wubg\" data-start=\"1338\" data-end=\"1398\"><a href=\"https:\/\/10jourssansecrans.org\/en\/sinscrire\/\"><strong data-start=\"1340\" data-end=\"1365\">Inscrire la structure<\/strong><\/a>, si cela n\u2019a pas encore \u00e9t\u00e9 fait<\/li>\n<\/ul><\/div>\n\t\t\t<\/div>\n\t\t\t<\/div>\n\t\t\t\t\n\t\t\t\t\n\t\t\t\t\n\t\t\t\t\n\t\t\t<\/div><div class=\"et_d4_element et_pb_row et_pb_row_4  et_pb_css_mix_blend_mode et_block_row\">\n\t\t\t\t<div class=\"et_d4_element et_pb_column_4_4 et_pb_column et_pb_column_4  et_pb_css_mix_blend_mode et-last-child et_block_column\">\n\t\t\t\t\n\t\t\t\t\n\t\t\t\t\n\t\t\t\t\n\t\t\t\t<div class=\"et_pb_module et_d4_element et_pb_text et_pb_text_4  et_pb_text_align_left et_pb_bg_layout_light\">\n\t\t\t\t\n\t\t\t\t\n\t\t\t\t\n\t\t\t\t\n\t\t\t\t<div class=\"et_pb_text_inner\"><p data-section-id=\"eg6efe\" data-start=\"94\" data-end=\"120\" class=\"PDq2pG_selectionAnchorContainer\"><strong>JANVIER \u2013 F\u00c9VRIER 2027<\/strong><span aria-hidden=\"true\" class=\"PDq2pG_selectionAnchor\"><\/span><\/p>\n<h2 data-section-id=\"nfy17c\" data-start=\"122\" data-end=\"170\">Construire le projet et lancer la pr\u00e9paration<\/h2>\n<p data-start=\"172\" data-end=\"289\"><strong data-start=\"172\" data-end=\"289\">La d\u00e9cision est prise : le d\u00e9fi peut d\u00e9sormais \u00eatre annonc\u00e9 aux enfants, aux jeunes et \u00e0 l\u2019ensemble des familles.<\/strong><\/p>\n<p data-start=\"534\" data-end=\"798\" class=\"PDq2pG_selectionAnchorContainer\">C\u2019est le moment de pr\u00e9senter <strong data-start=\"563\" data-end=\"595\">les grandes lignes du projet<\/strong> : dans une centaine de jours, chacun sera invit\u00e9, <strong data-start=\"646\" data-end=\"675\">sans jamais y \u00eatre oblig\u00e9<\/strong>, \u00e0 relever un d\u00e9fi exigeant. Les semaines qui pr\u00e9c\u00e8dent permettront de <strong data-start=\"747\" data-end=\"797\">s\u2019y pr\u00e9parer progressivement et collectivement<\/strong>.<\/p>\n<p data-start=\"534\" data-end=\"798\" class=\"PDq2pG_selectionAnchorContainer\">Une <strong data-start=\"750\" data-end=\"827\">\u00e9quipe projet, associant des membres de l'\u00e9quipe \u00e9ducative et des parents<\/strong>, peut coordonner cette pr\u00e9paration. Elle commence notamment \u00e0 r\u00e9fl\u00e9chir au programme qui accompagnera les dix jours et, selon le projet, aux acteurs locaux qui pourraient y contribuer.<\/p>\n<p data-start=\"836\" data-end=\"1084\">Cette p\u00e9riode permet \u00e9galement de <strong data-start=\"870\" data-end=\"941\">planifier les grandes \u00e9tapes de la pr\u00e9paration jusqu\u2019au mois de mai<\/strong>. Les webinaires propos\u00e9s par l\u2019association accompagnent les \u00e9quipes dans cette d\u00e9marche et aident \u00e0 aller plus loin dans sa mise en \u0153uvre.<\/p>\n<p data-start=\"1086\" data-end=\"1112\"><strong data-start=\"1086\" data-end=\"1112\">Les principaux rep\u00e8res<\/strong><\/p>\n<ul data-start=\"1113\" data-end=\"1423\">\n<li data-section-id=\"1xw0r5g\" data-start=\"1113\" data-end=\"1175\"><strong data-start=\"1115\" data-end=\"1135\">Annoncer le d\u00e9fi<\/strong> aux enfants, aux jeunes et aux familles<\/li>\n<li data-section-id=\"1mb9pfi\" data-start=\"1176\" data-end=\"1229\"><strong data-start=\"1178\" data-end=\"1210\">Pr\u00e9senter les grandes lignes<\/strong> de la mobilisation<\/li>\n<li data-section-id=\"gz3wps\" data-start=\"1230\" data-end=\"1262\"><strong data-start=\"1232\" data-end=\"1262\">Constituer l\u2019\u00e9quipe projet<\/strong><\/li>\n<li data-section-id=\"18jaq56\" data-start=\"1263\" data-end=\"1316\"><strong data-start=\"1265\" data-end=\"1316\">Planifier les principales \u00e9tapes de pr\u00e9paration<\/strong><\/li>\n<li data-section-id=\"gg2niw\" data-start=\"1317\" data-end=\"1375\"><strong data-start=\"1319\" data-end=\"1348\">Participer aux webinaires<\/strong> propos\u00e9s par l\u2019association<\/li>\n<li data-section-id=\"13pi2o1\" data-start=\"1376\" data-end=\"1423\"><strong data-start=\"1378\" data-end=\"1423\">Anticiper les besoins en <a href=\"https:\/\/10jourssansecrans.org\/en\/defi-collectif\/badges-affiches-et-carnets-de-bord\/\">kits et supports<\/a><\/strong><\/li>\n<\/ul><\/div>\n\t\t\t<\/div><div class=\"et_pb_button_module_wrapper et_pb_button_0_wrapper et_pb_button_alignment_center et_pb_module \">\n\t\t\t\t<a class=\"et_pb_button et_d4_element et_pb_button_0 et_pb_bg_layout_light et_block_module\" href=\"https:\/\/10jourssansecrans.org\/webinaires\/\">D\u00e9couvrir les webinaires<\/a>\n\t\t\t<\/div>\n\t\t\t<\/div>\n\t\t\t\t\n\t\t\t\t\n\t\t\t\t\n\t\t\t\t\n\t\t\t<\/div><div class=\"et_d4_element et_pb_row et_pb_row_5  et_pb_css_mix_blend_mode et_block_row\">\n\t\t\t\t<div class=\"et_d4_element et_pb_column_4_4 et_pb_column et_pb_column_5  et_pb_css_mix_blend_mode et-last-child et_block_column\">\n\t\t\t\t\n\t\t\t\t\n\t\t\t\t\n\t\t\t\t\n\t\t\t\t<div class=\"et_pb_module et_d4_element et_pb_text et_pb_text_5  et_pb_text_align_left et_pb_bg_layout_light\">\n\t\t\t\t\n\t\t\t\t\n\t\t\t\t\n\t\t\t\t\n\t\t\t\t<div class=\"et_pb_text_inner\"><p data-section-id=\"1skxr27\" data-start=\"36\" data-end=\"57\" class=\"PDq2pG_selectionAnchorContainer\"><strong>MARS \u2013 AVRIL 2027<\/strong><span aria-hidden=\"true\" class=\"PDq2pG_selectionAnchor\"><\/span><\/p>\n<h2 data-section-id=\"1umjtuu\" data-start=\"59\" data-end=\"114\">Pr\u00e9parer les participants et mobiliser la communaut\u00e9<\/h2>\n<p data-start=\"116\" data-end=\"201\"><strong data-start=\"116\" data-end=\"201\">\u00c0 quelques semaines du d\u00e9fi, la pr\u00e9paration entre dans sa phase la plus concr\u00e8te.<\/strong><\/p>\n<p data-start=\"203\" data-end=\"602\">En classe ou dans la structure, des <strong data-start=\"239\" data-end=\"265\">activit\u00e9s p\u00e9dagogiques<\/strong> permettent progressivement aux enfants et aux jeunes de r\u00e9fl\u00e9chir \u00e0 la place des \u00e9crans dans leur quotidien, de mieux comprendre les enjeux du d\u00e9fi et de se pr\u00e9parer \u00e0 l\u2019exp\u00e9rience qu\u2019ils ont choisi de tenter. <strong data-start=\"476\" data-end=\"602\">Les structures qui ont command\u00e9 des kits p\u00e9dagogiques peuvent commencer \u00e0 les utiliser pour accompagner cette pr\u00e9paration.<\/strong><\/p>\n<p data-start=\"604\" data-end=\"818\">En parall\u00e8le, <strong data-start=\"618\" data-end=\"690\">l\u2019information et la mobilisation s\u2019\u00e9largissent \u00e0 toute la communaut\u00e9<\/strong>. Les familles sont r\u00e9guli\u00e8rement inform\u00e9es et le projet devient progressivement plus pr\u00e9sent et plus visible dans la structure.<\/p>\n<p data-start=\"820\" data-end=\"1041\">L\u2019\u00e9quipe projet poursuit \u00e9galement la pr\u00e9paration du <strong data-start=\"873\" data-end=\"927\">programme d\u2019activit\u00e9s et d\u2019alternatives aux \u00e9crans<\/strong> qui accompagnera les dix jours, avec, selon le projet, la contribution d\u2019associations ou d\u2019autres acteurs locaux.<\/p>\n<p data-start=\"1043\" data-end=\"1069\"><strong data-start=\"1043\" data-end=\"1069\">Les principaux rep\u00e8res<\/strong><\/p>\n<ul data-start=\"1070\" data-end=\"1363\">\n<li data-section-id=\"189u3sh\" data-start=\"1070\" data-end=\"1123\"><strong data-start=\"1072\" data-end=\"1123\">Mener les activit\u00e9s p\u00e9dagogiques de pr\u00e9paration<\/strong><\/li>\n<li data-section-id=\"1dt1xmx\" data-start=\"1124\" data-end=\"1197\"><strong data-start=\"1126\" data-end=\"1172\">Commencer \u00e0 utiliser les kits p\u00e9dagogiques<\/strong>, s\u2019ils ont \u00e9t\u00e9 command\u00e9s<\/li>\n<li data-section-id=\"bjy56g\" data-start=\"1198\" data-end=\"1238\"><strong data-start=\"1200\" data-end=\"1238\">Informer et mobiliser les familles<\/strong><\/li>\n<li data-section-id=\"oeijg9\" data-start=\"1239\" data-end=\"1290\"><strong data-start=\"1241\" data-end=\"1290\">Mobiliser progressivement toute la communaut\u00e9<\/strong><\/li>\n<li data-section-id=\"syjaq1\" data-start=\"1291\" data-end=\"1363\"><strong data-start=\"1293\" data-end=\"1349\">Finaliser le programme d\u2019activit\u00e9s et d\u2019alternatives<\/strong> des dix jours<\/li>\n<\/ul><\/div>\n\t\t\t<\/div>\n\t\t\t<\/div>\n\t\t\t\t\n\t\t\t\t\n\t\t\t\t\n\t\t\t\t\n\t\t\t<\/div><div class=\"et_d4_element et_pb_row et_pb_row_6  et_pb_css_mix_blend_mode et_block_row\">\n\t\t\t\t<div class=\"et_d4_element et_pb_column_4_4 et_pb_column et_pb_column_6  et_pb_css_mix_blend_mode et-last-child et_block_column\">\n\t\t\t\t\n\t\t\t\t\n\t\t\t\t\n\t\t\t\t\n\t\t\t\t<div class=\"et_pb_module et_d4_element et_pb_text et_pb_text_6  et_pb_text_align_left et_pb_bg_layout_light\">\n\t\t\t\t\n\t\t\t\t\n\t\t\t\t\n\t\t\t\t\n\t\t\t\t<div class=\"et_pb_text_inner\"><p data-section-id=\"1h6zh56\" data-start=\"288\" data-end=\"306\" class=\"PDq2pG_selectionAnchorContainer\"><strong>D\u00c9BUT MAI 2027<\/strong><span aria-hidden=\"true\" class=\"PDq2pG_selectionAnchor\"><\/span><\/p>\n<h2 data-section-id=\"15vxm7z\" data-start=\"308\" data-end=\"362\">Finaliser la pr\u00e9paration et faire conna\u00eetre le d\u00e9fi<\/h2>\n<p data-start=\"364\" data-end=\"480\"><strong data-start=\"364\" data-end=\"480\">Le d\u00e9fi approche : les derniers jours permettent de finaliser la pr\u00e9paration et de faire monter la mobilisation.<\/strong><\/p>\n<p data-start=\"482\" data-end=\"713\">Les activit\u00e9s p\u00e9dagogiques se poursuivent et les derni\u00e8res informations sont transmises aux familles. Le programme pr\u00e9vu pendant les dix jours est finalis\u00e9 et communiqu\u00e9 afin que chacun puisse se projeter dans l\u2019exp\u00e9rience \u00e0 venir.<\/p>\n<p data-start=\"715\" data-end=\"958\">C\u2019est aussi un temps de <strong data-start=\"739\" data-end=\"771\">communication autour du d\u00e9fi<\/strong>. Les enfants et les jeunes peuvent y prendre une part active, en contribuant \u00e0 faire conna\u00eetre la d\u00e9marche au sein de leur \u00e9tablissement et, selon le projet, plus largement autour d\u2019eux.<\/p>\n<p data-start=\"960\" data-end=\"1030\">La mobilisation est alors pr\u00eate \u00e0 basculer vers les dix jours de d\u00e9fi.<\/p>\n<p data-start=\"1032\" data-end=\"1058\"><strong data-start=\"1032\" data-end=\"1058\">Les principaux rep\u00e8res<\/strong><\/p>\n<ul data-start=\"1059\" data-end=\"1333\">\n<li data-section-id=\"1ye9onx\" data-start=\"1059\" data-end=\"1102\"><strong data-start=\"1061\" data-end=\"1102\">Poursuivre la pr\u00e9paration p\u00e9dagogique<\/strong><\/li>\n<li data-section-id=\"r0xi6h\" data-start=\"1103\" data-end=\"1160\"><strong data-start=\"1105\" data-end=\"1160\">Transmettre les derni\u00e8res informations aux familles<\/strong><\/li>\n<li data-section-id=\"tbw6v6\" data-start=\"1161\" data-end=\"1222\"><strong data-start=\"1163\" data-end=\"1208\">Finaliser et faire conna\u00eetre le programme<\/strong> des dix jours<\/li>\n<li data-section-id=\"9j078w\" data-start=\"1223\" data-end=\"1295\"><strong data-start=\"1225\" data-end=\"1255\">Communiquer autour du d\u00e9fi<\/strong>, en associant les enfants et les jeunes<\/li>\n<li data-section-id=\"15cupbx\" data-start=\"1296\" data-end=\"1333\"><strong data-start=\"1298\" data-end=\"1323\">Pr\u00e9parer le lancement<\/strong> du 11 mai<\/li>\n<\/ul><\/div>\n\t\t\t<\/div>\n\t\t\t<\/div>\n\t\t\t\t\n\t\t\t\t\n\t\t\t\t\n\t\t\t\t\n\t\t\t<\/div><div class=\"et_d4_element et_pb_row et_pb_row_7  et_pb_css_mix_blend_mode et_block_row\">\n\t\t\t\t<div class=\"et_d4_element et_pb_column_4_4 et_pb_column et_pb_column_7  et_pb_css_mix_blend_mode et-last-child et_block_column\">\n\t\t\t\t\n\t\t\t\t\n\t\t\t\t\n\t\t\t\t\n\t\t\t\t<div class=\"et_pb_module et_d4_element et_pb_text et_pb_text_7  et_pb_text_align_left et_pb_bg_layout_light\">\n\t\t\t\t\n\t\t\t\t\n\t\t\t\t\n\t\t\t\t\n\t\t\t\t<div class=\"et_pb_text_inner\"><p data-section-id=\"mobfzp\" data-start=\"98\" data-end=\"118\" class=\"PDq2pG_selectionAnchorContainer\"><strong>11 \u2013 20 MAI 2027<\/strong><span aria-hidden=\"true\" class=\"PDq2pG_selectionAnchor\"><\/span><\/p>\n<h2 data-section-id=\"166spu8\" data-start=\"120\" data-end=\"140\">Relever le d\u00e9fi !<\/h2>\n<p data-start=\"142\" data-end=\"224\"><strong data-start=\"142\" data-end=\"224\">Apr\u00e8s plusieurs mois de pr\u00e9paration, le moment est venu de vivre l\u2019exp\u00e9rience.<\/strong><\/p>\n<p data-start=\"226\" data-end=\"469\">Pendant dix jours, les enfants et les jeunes qui choisissent de participer cherchent \u00e0 <strong data-start=\"313\" data-end=\"368\">r\u00e9duire autant que possible leurs \u00e9crans de loisirs<\/strong>. Chacun rel\u00e8ve le d\u00e9fi \u00e0 son niveau, avec l\u2019encouragement des familles, des \u00e9quipes et du collectif.<\/p>\n<p data-start=\"471\" data-end=\"726\">Le <strong data-start=\"474\" data-end=\"492\">carnet de bord<\/strong>, lorsqu\u2019il est utilis\u00e9, permet de suivre les efforts r\u00e9alis\u00e9s et de contribuer au r\u00e9sultat collectif. Les activit\u00e9s et alternatives pr\u00e9par\u00e9es en amont permettent quant \u00e0 elles de <strong data-start=\"672\" data-end=\"725\">profiter autrement du temps lib\u00e9r\u00e9 par les \u00e9crans<\/strong>.<\/p>\n<p data-start=\"728\" data-end=\"850\">Pendant ces dix jours, l\u2019essentiel est de <strong data-start=\"770\" data-end=\"849\">s\u2019encourager, valoriser chaque effort et entretenir la dynamique collective<\/strong>.<\/p>\n<p data-start=\"852\" data-end=\"878\"><strong data-start=\"852\" data-end=\"878\">Les principaux rep\u00e8res<\/strong><\/p>\n<ul data-start=\"879\" data-end=\"1113\">\n<li data-section-id=\"19a3hed\" data-start=\"879\" data-end=\"930\"><strong data-start=\"881\" data-end=\"930\">Encourager et valoriser les efforts de chacun<\/strong><\/li>\n<li data-section-id=\"1wcsrg9\" data-start=\"931\" data-end=\"991\"><strong data-start=\"933\" data-end=\"991\">Faire vivre le programme d\u2019activit\u00e9s et d\u2019alternatives<\/strong><\/li>\n<li data-section-id=\"utbmum\" data-start=\"992\" data-end=\"1045\"><strong data-start=\"994\" data-end=\"1045\">Suivre les efforts et la progression collective<\/strong><\/li>\n<li data-section-id=\"xtxrt4\" data-start=\"1046\" data-end=\"1113\"><strong data-start=\"1048\" data-end=\"1088\">Partager et faire vivre l\u2019exp\u00e9rience<\/strong> au sein de la communaut\u00e9<\/li>\n<\/ul><\/div>\n\t\t\t<\/div>\n\t\t\t<\/div>\n\t\t\t\t\n\t\t\t\t\n\t\t\t\t\n\t\t\t\t\n\t\t\t<\/div><div class=\"et_d4_element et_pb_row et_pb_row_8  et_pb_css_mix_blend_mode et_block_row\">\n\t\t\t\t<div class=\"et_d4_element et_pb_column_4_4 et_pb_column et_pb_column_8  et_pb_css_mix_blend_mode et-last-child et_block_column\">\n\t\t\t\t\n\t\t\t\t\n\t\t\t\t\n\t\t\t\t\n\t\t\t\t<div class=\"et_pb_module et_d4_element et_pb_text et_pb_text_8  et_pb_text_align_left et_pb_bg_layout_light\">\n\t\t\t\t\n\t\t\t\t\n\t\t\t\t\n\t\t\t\t\n\t\t\t\t<div class=\"et_pb_text_inner\"><p data-section-id=\"9kx7xq\" data-start=\"61\" data-end=\"84\" class=\"PDq2pG_selectionAnchorContainer\"><strong>FIN MAI \u2013 JUIN 2027<\/strong><span aria-hidden=\"true\" class=\"PDq2pG_selectionAnchor\"><\/span><\/p>\n<h2 data-section-id=\"16q9kx9\" data-start=\"86\" data-end=\"128\">Faire le bilan et partager l\u2019exp\u00e9rience<\/h2>\n<p data-start=\"130\" data-end=\"196\"><strong data-start=\"130\" data-end=\"196\">Le d\u00e9fi s\u2019ach\u00e8ve, mais l\u2019exp\u00e9rience ne s\u2019arr\u00eate pas au 20 mai.<\/strong><\/p>\n<p data-start=\"198\" data-end=\"449\">C\u2019est le moment de prendre du recul avec les enfants et les jeunes, les familles et les \u00e9quipes : <strong data-start=\"296\" data-end=\"449\">qu\u2019a-t-on d\u00e9couvert pendant ces dix jours ? Qu\u2019est-ce qui a \u00e9t\u00e9 facile ou difficile ? Qu\u2019a-t-on envie de conserver ou de changer dans ses habitudes ?<\/strong><\/p>\n<p data-start=\"451\" data-end=\"697\">Les <a href=\"https:\/\/10jourssansecrans.org\/defi-collectif\/questionnaires\/\"><strong data-start=\"455\" data-end=\"500\">questionnaires propos\u00e9s par l\u2019association<\/strong><\/a> permettent \u00e0 chacun de partager son exp\u00e9rience. Leurs r\u00e9ponses aident les structures \u00e0 faire leur propre bilan et contribuent \u00e9galement \u00e0 mieux comprendre les effets du d\u00e9fi \u00e0 plus grande \u00e9chelle.<\/p>\n<p data-start=\"699\" data-end=\"862\">C\u2019est aussi le moment de <strong data-start=\"724\" data-end=\"756\">valoriser le chemin parcouru<\/strong>, de remercier celles et ceux qui ont contribu\u00e9 au projet et de partager les r\u00e9sultats de la mobilisation.<\/p>\n<p data-start=\"864\" data-end=\"890\"><strong data-start=\"864\" data-end=\"890\">Les principaux rep\u00e8res<\/strong><\/p>\n<ul data-start=\"891\" data-end=\"1190\">\n<li data-section-id=\"1rnmr69\" data-start=\"891\" data-end=\"949\"><strong data-start=\"893\" data-end=\"927\">Faire le bilan de l\u2019exp\u00e9rience<\/strong> avec les participants<\/li>\n<li data-section-id=\"3cslyd\" data-start=\"950\" data-end=\"1022\"><strong data-start=\"952\" data-end=\"1022\">Inviter enfants, familles et \u00e9quipes \u00e0 r\u00e9pondre aux questionnaires<\/strong><\/li>\n<li data-section-id=\"11ruwiv\" data-start=\"1023\" data-end=\"1072\"><strong data-start=\"1025\" data-end=\"1072\">Valoriser les efforts et le chemin parcouru<\/strong><\/li>\n<li data-section-id=\"u1tluz\" data-start=\"1073\" data-end=\"1127\"><strong data-start=\"1075\" data-end=\"1127\">Remercier les personnes et partenaires mobilis\u00e9s<\/strong><\/li>\n<li data-section-id=\"1hm376n\" data-start=\"1128\" data-end=\"1190\"><strong data-start=\"1130\" data-end=\"1190\">R\u00e9fl\u00e9chir \u00e0 ce que l\u2019on souhaite conserver apr\u00e8s le d\u00e9fi<\/strong><\/li>\n<\/ul><\/div>\n\t\t\t<\/div>\n\t\t\t<\/div>\n\t\t\t\t\n\t\t\t\t\n\t\t\t\t\n\t\t\t\t\n\t\t\t<\/div>\n\t\t\t\t\n\t\t\t\t\n\t\t\t<\/div>\n","protected":false},"excerpt":{"rendered":"","protected":false},"author":5,"featured_media":0,"parent":4647,"menu_order":0,"comment_status":"open","ping_status":"open","template":"","meta":{"_et_pb_use_builder":"on","_et_pb_old_content":"<p>Le <strong>d\u00e9fi collectif 10 Jours sans \u00e9crans<\/strong> se d\u00e9roulera du <strong>19 mai au 28 mai 2026<\/strong>.<\/p><p>Voici un \u00e9ch\u00e9ancier type des mois qui pr\u00e9c\u00e8dent le d\u00e9fi.<\/p><p>\ud83c\udf10 Pour accompagner la pr\u00e9paration, l\u2019association <em>10 Jours sans \u00e9crans<\/em> propose <strong>cinq visioconf\u00e9rences<\/strong> tout au long de l\u2019ann\u00e9e scolaire.<\/p><p>\ud83d\udcc4 Un d\u00e9pliant de pr\u00e9sentation de la d\u00e9marche du d\u00e9fi est disponible ici : <a href=\"https:\/\/10jourssansecrans.org\/wp-content\/uploads\/2022\/03\/Depliant_demarche-defi.pdf\">[D\u00e9pliant_d\u00e9marche d\u00e9fi]<\/a><\/p><p><span style=\"color: #0f499a;\">\ud83d\udd14 <strong>Important<\/strong> : <\/span><span style=\"color: #0f499a;\">Les visioconf\u00e9rences et les commandes sont accessibles aux <strong>adh\u00e9rents \u00e0 jour de leur cotisation <\/strong>(<a href=\"https:\/\/10jourssansecrans.org\/mon-compte\/?logStep=register\">\ud83d\udd17 [Adh\u00e9rer \u00e0 10 jours sans \u00e9crans]<span style=\"color: #0f499a;\">).<\/span><\/a><\/span><\/p><hr \/><h3><strong>Septembre<\/strong><\/h3><ul><li>Vous pouvez inscrire votre structure gratuitement ici : <a href=\"https:\/\/10jourssansecrans.org\/sinscrire\/\">[Inscription]<\/a><\/li><li>Afin de pouvoir b\u00e9n\u00e9ficier de certains avantages (acc\u00e8s \u00e0 des visios, commande de kits gratuits, etc.) vous pouvez adh\u00e9rer ici : <a href=\"https:\/\/10jourssansecrans.org\/mon-compte\/?logStep=register\" target=\"_blank\" rel=\"noopener\">[Adh\u00e9sion]<\/a><\/li><\/ul><hr \/><h3 class=\"western\"><strong>Novembre<\/strong><\/h3><ul><li>\ud83c\udf10 <strong><a href=\"https:\/\/10jourssansecrans.org\/event\/visioconference-n1\/\" target=\"_blank\" rel=\"noopener\">Mercredi 19 novembre 2025<\/a> \u2013 10:00 \u00e0 11:00<\/strong><br \/><em>Visioconf\u00e9rence n\u00b01 :<\/em> <em>En quoi la r\u00e9duction et la ma\u00eetrise du temps d\u2019\u00e9cran sont-elles des enjeux majeurs de sant\u00e9 et d\u2019\u00e9ducation ?<br \/>Si vous n'avez pas pu y assister, une session de rattrapage aura lieu <strong><a href=\"https:\/\/10jourssansecrans.org\/event\/session-de-rattrapage-webinaire-n1\/\" target=\"_blank\" rel=\"noopener\">mardi 9 d\u00e9cembre \u00e0 18 h 00<\/a>.<\/strong><\/em><\/li><li>\ud83c\udf10 <strong><del>Mercredi 26 novembre 2025<\/del> <a href=\"https:\/\/10jourssansecrans.org\/event\/visioconference-n2-elements-de-methodologie\/\" target=\"_blank\" rel=\"noopener\">Mercredi 10 d\u00e9cembre<\/a> \u2013 10:00 \u00e0 11:00<\/strong><br \/><em>Visioconf\u00e9rence n\u00b02 :<\/em> <em>Pr\u00e9parer un d\u00e9fi sans \u00e9crans : \u00e9l\u00e9ments de m\u00e9thodologie.<\/em><br \/>Comment se d\u00e9roule concr\u00e8tement un d\u00e9fi ? Comment le pr\u00e9parer et mobiliser \u00e9l\u00e8ves, \u00e9quipes enseignantes, parents d\u2019\u00e9l\u00e8ves, associations locales\u2026<\/li><\/ul><hr \/><h3 class=\"western\"><strong>D\u00e9cembre<\/strong><\/h3><ul><li>Ouverture de la <strong>commande des kits<\/strong> (badges, affiches et carnets de bord) vers la <strong>mi-d\u00e9cembre<\/strong> :<br \/><strong><a href=\"https:\/\/10jourssansecrans.org\/defi-collectif\/badges-affiches-et-carnets-de-bord\/\">Commander les kits<\/a><\/strong><\/li><\/ul><hr \/><h3 class=\"western\"><strong>Janvier<\/strong><\/h3><ul><li>\ud83c\udf10 <strong>Mercredi 7 janvier 2026 \u2013 10:00 \u00e0 11:00<\/strong><br \/><em>Visioconf\u00e9rence n\u00b03 :<\/em> <em>Pr\u00e9paration du d\u00e9fi en classe \u2013 quelles activit\u00e9s p\u00e9dagogiques ?<\/em><\/li><li>\ud83c\udf10 <strong>Mardi 20 janvier 2026 \u2013 13:30 \u00e0 14:30<\/strong><br \/><em>Visioconf\u00e9rence n\u00b04 :<\/em> <em>Pr\u00e9paration du d\u00e9fi dans une cr\u00e8che ou structure d\u2019accueil de la petite enfance.<\/em><\/li><li>\ud83c\udf10 <strong>Mardi 27 janvier 2026 \u2013 10:00 \u00e0 11:00<\/strong><br \/><em>Visioconf\u00e9rence n\u00b05 :<\/em> <em>Se pr\u00e9parer au d\u00e9fi en coll\u00e8ge et lyc\u00e9e \u2013 activit\u00e9s p\u00e9dagogiques.<\/em><\/li><li>\ud83c\udfeb Mise en place d\u2019un <strong>comit\u00e9 de pilotage<\/strong> dans chaque \u00e9cole (enseignants + parents).<br \/>Ce comit\u00e9 pr\u00e9pare le programme d\u2019activit\u00e9s des 10 jours, fixe un \u00e9ch\u00e9ancier de pr\u00e9paration et prend les premiers contacts (associations, municipalit\u00e9\u2026).<br \/>\ud83d\udc49 Il est recommand\u00e9 de pr\u00e9voir <strong>3 \u00e0 4 r\u00e9unions<\/strong> avant le d\u00e9fi.<\/li><\/ul><hr \/><h3 class=\"western\"><strong>F\u00e9vrier<\/strong><\/h3><ul><li><strong>\ud83c\udfeb Annonce officielle du d\u00e9fi<\/strong> aux enfants et aux parents.<br \/>Mots-cl\u00e9s : <strong>Libert\u00e9, honn\u00eatet\u00e9, solidarit\u00e9.<\/strong><\/li><li><strong>\ud83c\udfeb R\u00e9union d\u2019information pour les parents<\/strong> : enjeux, b\u00e9n\u00e9fices, mobilisation soci\u00e9tale.<\/li><li>\ud83c\udfeb Solliciter des <strong>champions sportifs<\/strong> et <strong>personnalit\u00e9s locales<\/strong> pour encourager les familles.<\/li><li>\ud83c\udfeb Mettre en place une <strong>bo\u00eete \u00e0 id\u00e9es<\/strong> \u00e0 l\u2019\u00e9cole : quelles activit\u00e9s partager pendant ces 10 jours ?<br \/>(Les suggestions des enfants, parents et enseignants r\u00e9servent souvent de belles surprises !)<\/li><\/ul><hr \/><h3 class=\"western\"><strong>Mars<\/strong><\/h3><ul><li><strong>\ud83c\udfeb R\u00e9ception du mat\u00e9riel<\/strong> dans les \u00e9coles.<\/li><li>\ud83c\udfeb D\u00e9but des <strong>activit\u00e9s pr\u00e9paratoires en classe<\/strong>.<\/li><\/ul><hr \/><h3 class=\"western\"><strong>Avril<\/strong><\/h3><ul><li><strong>\ud83c\udfeb Finalisation du programme d\u2019activit\u00e9s<\/strong> de la dizaine.<\/li><\/ul><hr \/><h3 class=\"western\"><strong>Mai<\/strong><\/h3><ul><li>\ud83c\udfeb Actions de <strong>communication<\/strong> (selon le calendrier du comit\u00e9 de pilotage) : conf\u00e9rence publique, communiqu\u00e9 de presse\u2026<\/li><li><strong>\ud83c\udfeb 19 mai 2026<\/strong> : c\u00e9r\u00e9monie d\u2019ouverture et lancement du d\u00e9fi.<\/li><li><strong>\ud83c\udfeb 28 mai 2026<\/strong> : fin du d\u00e9fi.<\/li><\/ul><hr \/><h3 class=\"western\"><strong>Juin<\/strong><\/h3><ul><li><strong>\ud83c\udfeb Bilan du d\u00e9fi<\/strong> : compl\u00e9ter les questionnaires, mesurer la participation dans votre \u00e9cole et obtenir des retours chiffr\u00e9s de votre \u00e9cole. <a href=\"https:\/\/10jourssansecrans.org\/defi-collectif\/questionnaires\/\">[ Questionnaires ]<\/a><\/li><\/ul>","_et_gb_content_width":"","footnotes":""},"class_list":["post-4722","page","type-page","status-publish","hentry"],"_links":{"self":[{"href":"https:\/\/10jourssansecrans.org\/en\/wp-json\/wp\/v2\/pages\/4722","targetHints":{"allow":["GET"]}}],"collection":[{"href":"https:\/\/10jourssansecrans.org\/en\/wp-json\/wp\/v2\/pages"}],"about":[{"href":"https:\/\/10jourssansecrans.org\/en\/wp-json\/wp\/v2\/types\/page"}],"author":[{"embeddable":true,"href":"https:\/\/10jourssansecrans.org\/en\/wp-json\/wp\/v2\/users\/5"}],"replies":[{"embeddable":true,"href":"https:\/\/10jourssansecrans.org\/en\/wp-json\/wp\/v2\/comments?post=4722"}],"version-history":[{"count":35,"href":"https:\/\/10jourssansecrans.org\/en\/wp-json\/wp\/v2\/pages\/4722\/revisions"}],"predecessor-version":[{"id":8090,"href":"https:\/\/10jourssansecrans.org\/en\/wp-json\/wp\/v2\/pages\/4722\/revisions\/8090"}],"up":[{"embeddable":true,"href":"https:\/\/10jourssansecrans.org\/en\/wp-json\/wp\/v2\/pages\/4647"}],"wp:attachment":[{"href":"https:\/\/10jourssansecrans.org\/en\/wp-json\/wp\/v2\/media?parent=4722"}],"curies":[{"name":"wp","href":"https:\/\/api.w.org\/{rel}","templated":true}]}}